{"id":319,"date":"2019-02-28T18:50:52","date_gmt":"2019-02-28T18:50:52","guid":{"rendered":"https:\/\/ix.com.ar\/eng\/?page_id=319"},"modified":"2022-11-23T14:54:34","modified_gmt":"2022-11-23T17:54:34","slug":"internews","status":"publish","type":"page","link":"https:\/\/ix.com.ar\/eng\/internews\/","title":{"rendered":"InterNews"},"content":{"rendered":"\t\t<div data-elementor-type=\"wp-post\" data-elementor-id=\"319\" class=\"elementor elementor-319\">\n\t\t\t\t\t\t<section class=\"elementor-section elementor-top-section elementor-element elementor-element-dbba6eb elementor-section-boxed elementor-section-height-default elementor-section-height-default\" data-id=\"dbba6eb\" data-element_type=\"section\">\n\t\t\t\t\t\t<div class=\"elementor-container elementor-column-gap-default\">\n\t\t\t\t\t<div class=\"elementor-column elementor-col-100 elementor-top-column elementor-element elementor-element-f4c9b68\" data-id=\"f4c9b68\" data-element_type=\"column\">\n\t\t\t<div class=\"elementor-widget-wrap elementor-element-populated\">\n\t\t\t\t\t\t<div class=\"elementor-element elementor-element-a6274d1 elementor-widget elementor-widget-accordion\" data-id=\"a6274d1\" data-element_type=\"widget\" data-widget_type=\"accordion.default\">\n\t\t\t\t<div class=\"elementor-widget-container\">\n\t\t\t\t\t\t\t<div class=\"elementor-accordion\">\n\t\t\t\t\t\t\t<div class=\"elementor-accordion-item\">\n\t\t\t\t\t<div id=\"elementor-tab-title-1741\" class=\"elementor-tab-title\" data-tab=\"1\" role=\"button\" aria-controls=\"elementor-tab-content-1741\" aria-expanded=\"false\">\n\t\t\t\t\t\t\t\t\t\t\t\t\t<span class=\"elementor-accordion-icon elementor-accordion-icon-left\" aria-hidden=\"true\">\n\t\t\t\t\t\t\t\t\t\t\t\t\t\t\t<i class=\"elementor-accordion-icon-closed fa fa-caret-square-o-right\"><\/i>\n\t\t\t\t\t\t\t\t<i class=\"elementor-accordion-icon-opened fa fa-caret-square-o-down\"><\/i>\n\t\t\t\t\t\t\t\t\t\t\t\t\t\t<\/span>\n\t\t\t\t\t\t\t\t\t\t\t\t<a class=\"elementor-accordion-title\" tabindex=\"0\">29.09.22 | Interconnect abre subsidiaria en Uruguay<\/a>\n\t\t\t\t\t<\/div>\n\t\t\t\t\t<div id=\"elementor-tab-content-1741\" class=\"elementor-tab-content elementor-clearfix\" data-tab=\"1\" role=\"region\" aria-labelledby=\"elementor-tab-title-1741\"><p><img decoding=\"async\" class=\"alignright size-full wp-image-576\" src=\"https:\/\/ix.com.ar\/eng\/wp-content\/uploads\/2021\/11\/211115_IX-LOGO25_horiz.png\" alt=\"\" width=\"200\" height=\"65\" \/><\/p><ul><li><strong>Fecha:<\/strong> 29 de Septiembre 2022<\/li><li><strong>Tema: <\/strong>Interconnect abre subsidiaria en Uruguay<\/li><li><strong>Autor:<\/strong> Prensario TI<\/li><li><strong>Medio:<\/strong> Prensario TI Latam<\/li><\/ul><p>(&#8230;) Como parte del plan de crecimiento regional de la compa\u00f1\u00eda, el reconocido integrador de soluciones de telecomunicaciones, Interconnect, anunci\u00f3 la apertura de una nueva subsidiaria en la Rep\u00fablica Oriental del Uruguay, consolidando su presencia en una gran porci\u00f3n de CALA (Caribe y Latinoam\u00e9rica) adem\u00e1s de USA. Actualmente Interconnect ofrece sus servicios en 14 pa\u00edses de Am\u00e9rica y contin\u00faa creciendo de forma sostenida en todo el territorio.\u00a0(&#8230;)<\/p><ul><li><strong>Nota completa: <a href=\"https:\/\/prensariotila.com\/interconnect-abre-subsidiaria-en-uruguay\/\" target=\"_blank\" rel=\"noopener\"><em>CLIC AQUI<\/em><\/a><\/strong><\/li><\/ul><\/div>\n\t\t\t\t<\/div>\n\t\t\t\t\t\t\t<div class=\"elementor-accordion-item\">\n\t\t\t\t\t<div id=\"elementor-tab-title-1742\" class=\"elementor-tab-title\" data-tab=\"2\" role=\"button\" aria-controls=\"elementor-tab-content-1742\" aria-expanded=\"false\">\n\t\t\t\t\t\t\t\t\t\t\t\t\t<span class=\"elementor-accordion-icon elementor-accordion-icon-left\" aria-hidden=\"true\">\n\t\t\t\t\t\t\t\t\t\t\t\t\t\t\t<i class=\"elementor-accordion-icon-closed fa fa-caret-square-o-right\"><\/i>\n\t\t\t\t\t\t\t\t<i class=\"elementor-accordion-icon-opened fa fa-caret-square-o-down\"><\/i>\n\t\t\t\t\t\t\t\t\t\t\t\t\t\t<\/span>\n\t\t\t\t\t\t\t\t\t\t\t\t<a class=\"elementor-accordion-title\" tabindex=\"0\">16.11.21 | Interconnect: 25 a\u00f1os acompa\u00f1ando a las empresas de la regi\u00f3n<\/a>\n\t\t\t\t\t<\/div>\n\t\t\t\t\t<div id=\"elementor-tab-content-1742\" class=\"elementor-tab-content elementor-clearfix\" data-tab=\"2\" role=\"region\" aria-labelledby=\"elementor-tab-title-1742\"><p>\u00a0<\/p><ul><li><strong><img fetchpriority=\"high\" decoding=\"async\" class=\" wp-image-591 alignright\" style=\"font-weight: 400;\" src=\"https:\/\/ix.com.ar\/eng\/wp-content\/uploads\/2022\/11\/Ix-Nico-780x470-1.jpg\" alt=\"\" width=\"448\" height=\"269\" srcset=\"https:\/\/ix.com.ar\/eng\/wp-content\/uploads\/2022\/11\/Ix-Nico-780x470-1.jpg 780w, https:\/\/ix.com.ar\/eng\/wp-content\/uploads\/2022\/11\/Ix-Nico-780x470-1-300x181.jpg 300w, https:\/\/ix.com.ar\/eng\/wp-content\/uploads\/2022\/11\/Ix-Nico-780x470-1-768x463.jpg 768w, https:\/\/ix.com.ar\/eng\/wp-content\/uploads\/2022\/11\/Ix-Nico-780x470-1-570x342.jpg 570w\" sizes=\"(max-width: 448px) 100vw, 448px\" \/>Fecha:<\/strong> 16 de Noviembre 2021<\/li><li><strong>Tema:<\/strong>Interconnect: 25 a\u00f1os acompa\u00f1ando a las empresas de la regi\u00f3n<\/li><li><strong>Autor:<\/strong> Prensario TI<\/li><li><strong>Medio:<\/strong> Prensario TI Latam<\/li><\/ul><p><strong>(&#8230;) Nicol\u00e1s<\/strong>\u00a0<strong>Martelli<\/strong>, presidente y cofundador, de\u00a0<strong>Interconnect<\/strong>, explica lo que significa para ellos el estar cumpliendo 25 a\u00f1os en el mercado: \u2018Es un momento muy importante para nosotros, que nos hace reflexionar y analizar el camino recorrido hasta ac\u00e1, aprender de todo lo que hicimos y proyectar nuestro futuro acompa\u00f1ando a los mercados en los que actuamos o queremos actuar\u2019. (&#8230;)<\/p><ul><li><strong>Nota completa: <a href=\"https:\/\/prensariotila.com\/interconnect-25-anos-acompanando-a-las-empresas-de-la-region\/\" target=\"_blank\" rel=\"noopener\"><em>CLIC AQUI<\/em><\/a><\/strong><\/li><\/ul><\/div>\n\t\t\t\t<\/div>\n\t\t\t\t\t\t\t<div class=\"elementor-accordion-item\">\n\t\t\t\t\t<div id=\"elementor-tab-title-1743\" class=\"elementor-tab-title\" data-tab=\"3\" role=\"button\" aria-controls=\"elementor-tab-content-1743\" aria-expanded=\"false\">\n\t\t\t\t\t\t\t\t\t\t\t\t\t<span class=\"elementor-accordion-icon elementor-accordion-icon-left\" aria-hidden=\"true\">\n\t\t\t\t\t\t\t\t\t\t\t\t\t\t\t<i class=\"elementor-accordion-icon-closed fa fa-caret-square-o-right\"><\/i>\n\t\t\t\t\t\t\t\t<i class=\"elementor-accordion-icon-opened fa fa-caret-square-o-down\"><\/i>\n\t\t\t\t\t\t\t\t\t\t\t\t\t\t<\/span>\n\t\t\t\t\t\t\t\t\t\t\t\t<a class=\"elementor-accordion-title\" tabindex=\"0\">21.11.18 | Evento Commscope: Tendencias en ambientes Corporativos<\/a>\n\t\t\t\t\t<\/div>\n\t\t\t\t\t<div id=\"elementor-tab-content-1743\" class=\"elementor-tab-content elementor-clearfix\" data-tab=\"3\" role=\"region\" aria-labelledby=\"elementor-tab-title-1743\"><p><img decoding=\"async\" class=\"alignright wp-image-323\" src=\"https:\/\/www.ix.com.ar\/eng\/wp-content\/uploads\/2019\/02\/commscope_211118_02.png\" alt=\"\" width=\"280\" height=\"210\" srcset=\"https:\/\/ix.com.ar\/eng\/wp-content\/uploads\/2019\/02\/commscope_211118_02.png 376w, https:\/\/ix.com.ar\/eng\/wp-content\/uploads\/2019\/02\/commscope_211118_02-300x225.png 300w, https:\/\/ix.com.ar\/eng\/wp-content\/uploads\/2019\/02\/commscope_211118_02-285x214.png 285w\" sizes=\"(max-width: 280px) 100vw, 280px\" \/> <img loading=\"lazy\" decoding=\"async\" class=\"alignright wp-image-324\" src=\"https:\/\/www.ix.com.ar\/eng\/wp-content\/uploads\/2019\/02\/commscope_211118_03.png\" alt=\"\" width=\"280\" height=\"210\" srcset=\"https:\/\/ix.com.ar\/eng\/wp-content\/uploads\/2019\/02\/commscope_211118_03.png 446w, https:\/\/ix.com.ar\/eng\/wp-content\/uploads\/2019\/02\/commscope_211118_03-300x225.png 300w, https:\/\/ix.com.ar\/eng\/wp-content\/uploads\/2019\/02\/commscope_211118_03-380x285.png 380w, https:\/\/ix.com.ar\/eng\/wp-content\/uploads\/2019\/02\/commscope_211118_03-285x214.png 285w\" sizes=\"(max-width: 280px) 100vw, 280px\" \/> <img loading=\"lazy\" decoding=\"async\" class=\"alignright wp-image-325\" src=\"https:\/\/www.ix.com.ar\/eng\/wp-content\/uploads\/2019\/02\/commscope_211118_01.png\" alt=\"\" width=\"206\" height=\"210\" srcset=\"https:\/\/ix.com.ar\/eng\/wp-content\/uploads\/2019\/02\/commscope_211118_01.png 299w, https:\/\/ix.com.ar\/eng\/wp-content\/uploads\/2019\/02\/commscope_211118_01-294x300.png 294w\" sizes=\"(max-width: 206px) 100vw, 206px\" \/><strong>Fecha:<\/strong> 21 de Noviembre 2018<\/p><p><strong>Tema:<\/strong> Commscope | Tendencias en ambientes Corporativs<\/p><p><strong>Lugar:<\/strong> Museo del Whisky | CABA | Buenos Aires<\/p><p><strong>Orador:<\/strong> Christian Fanlo, New Opportunities Development<\/p><\/div>\n\t\t\t\t<\/div>\n\t\t\t\t\t\t\t<div class=\"elementor-accordion-item\">\n\t\t\t\t\t<div id=\"elementor-tab-title-1744\" class=\"elementor-tab-title\" data-tab=\"4\" role=\"button\" aria-controls=\"elementor-tab-content-1744\" aria-expanded=\"false\">\n\t\t\t\t\t\t\t\t\t\t\t\t\t<span class=\"elementor-accordion-icon elementor-accordion-icon-left\" aria-hidden=\"true\">\n\t\t\t\t\t\t\t\t\t\t\t\t\t\t\t<i class=\"elementor-accordion-icon-closed fa fa-caret-square-o-right\"><\/i>\n\t\t\t\t\t\t\t\t<i class=\"elementor-accordion-icon-opened fa fa-caret-square-o-down\"><\/i>\n\t\t\t\t\t\t\t\t\t\t\t\t\t\t<\/span>\n\t\t\t\t\t\t\t\t\t\t\t\t<a class=\"elementor-accordion-title\" tabindex=\"0\">12.10.17 | Desayuno Online Cisco Meraki<\/a>\n\t\t\t\t\t<\/div>\n\t\t\t\t\t<div id=\"elementor-tab-content-1744\" class=\"elementor-tab-content elementor-clearfix\" data-tab=\"4\" role=\"region\" aria-labelledby=\"elementor-tab-title-1744\"><p><img loading=\"lazy\" decoding=\"async\" class=\"alignright wp-image-337\" src=\"https:\/\/www.ix.com.ar\/eng\/wp-content\/uploads\/2019\/02\/cisco_101018_02.png\" alt=\"\" width=\"248\" height=\"160\" srcset=\"https:\/\/ix.com.ar\/eng\/wp-content\/uploads\/2019\/02\/cisco_101018_02.png 406w, https:\/\/ix.com.ar\/eng\/wp-content\/uploads\/2019\/02\/cisco_101018_02-300x194.png 300w\" sizes=\"(max-width: 248px) 100vw, 248px\" \/> <img loading=\"lazy\" decoding=\"async\" class=\"alignright wp-image-344\" src=\"https:\/\/www.ix.com.ar\/eng\/wp-content\/uploads\/2019\/02\/cisco_101018_03.jpg\" alt=\"\" width=\"256\" height=\"160\" srcset=\"https:\/\/ix.com.ar\/eng\/wp-content\/uploads\/2019\/02\/cisco_101018_03.jpg 469w, https:\/\/ix.com.ar\/eng\/wp-content\/uploads\/2019\/02\/cisco_101018_03-300x187.jpg 300w\" sizes=\"(max-width: 256px) 100vw, 256px\" \/><img loading=\"lazy\" decoding=\"async\" class=\"alignright wp-image-339\" src=\"https:\/\/www.ix.com.ar\/eng\/wp-content\/uploads\/2019\/02\/cisco_101018_01.png\" alt=\"\" width=\"262\" height=\"160\" srcset=\"https:\/\/ix.com.ar\/eng\/wp-content\/uploads\/2019\/02\/cisco_101018_01.png 619w, https:\/\/ix.com.ar\/eng\/wp-content\/uploads\/2019\/02\/cisco_101018_01-300x183.png 300w\" sizes=\"(max-width: 262px) 100vw, 262px\" \/><strong>Fecha:<\/strong>\u00a010 de Octubre 2018<\/p><p><strong>Tema:<\/strong>\u00a0Cisco Meraki<\/p><p><strong>Lugar:<\/strong>\u00a0Desayuno Online<\/p><p><strong>Orador:<\/strong>\u00a0Mariano Ducca, Meraki Sales Specialist<\/p><\/div>\n\t\t\t\t<\/div>\n\t\t\t\t\t\t\t<div class=\"elementor-accordion-item\">\n\t\t\t\t\t<div id=\"elementor-tab-title-1745\" class=\"elementor-tab-title\" data-tab=\"5\" role=\"button\" aria-controls=\"elementor-tab-content-1745\" aria-expanded=\"false\">\n\t\t\t\t\t\t\t\t\t\t\t\t\t<span class=\"elementor-accordion-icon elementor-accordion-icon-left\" aria-hidden=\"true\">\n\t\t\t\t\t\t\t\t\t\t\t\t\t\t\t<i class=\"elementor-accordion-icon-closed fa fa-caret-square-o-right\"><\/i>\n\t\t\t\t\t\t\t\t<i class=\"elementor-accordion-icon-opened fa fa-caret-square-o-down\"><\/i>\n\t\t\t\t\t\t\t\t\t\t\t\t\t\t<\/span>\n\t\t\t\t\t\t\t\t\t\t\t\t<a class=\"elementor-accordion-title\" tabindex=\"0\">23.05.18 | Evento Cisco: Seguridad de Redes<\/a>\n\t\t\t\t\t<\/div>\n\t\t\t\t\t<div id=\"elementor-tab-content-1745\" class=\"elementor-tab-content elementor-clearfix\" data-tab=\"5\" role=\"region\" aria-labelledby=\"elementor-tab-title-1745\"><p><img loading=\"lazy\" decoding=\"async\" class=\"alignright wp-image-346\" src=\"https:\/\/www.ix.com.ar\/eng\/wp-content\/uploads\/2019\/02\/cisco_230518_01.png\" alt=\"\" width=\"255\" height=\"180\" srcset=\"https:\/\/ix.com.ar\/eng\/wp-content\/uploads\/2019\/02\/cisco_230518_01.png 495w, https:\/\/ix.com.ar\/eng\/wp-content\/uploads\/2019\/02\/cisco_230518_01-300x212.png 300w\" sizes=\"(max-width: 255px) 100vw, 255px\" \/> <img loading=\"lazy\" decoding=\"async\" class=\"alignright wp-image-347\" src=\"https:\/\/www.ix.com.ar\/eng\/wp-content\/uploads\/2019\/02\/cisco_230518_02.png\" alt=\"\" width=\"240\" height=\"180\" srcset=\"https:\/\/ix.com.ar\/eng\/wp-content\/uploads\/2019\/02\/cisco_230518_02.png 520w, https:\/\/ix.com.ar\/eng\/wp-content\/uploads\/2019\/02\/cisco_230518_02-300x225.png 300w, https:\/\/ix.com.ar\/eng\/wp-content\/uploads\/2019\/02\/cisco_230518_02-380x285.png 380w, https:\/\/ix.com.ar\/eng\/wp-content\/uploads\/2019\/02\/cisco_230518_02-285x214.png 285w\" sizes=\"(max-width: 240px) 100vw, 240px\" \/> <img loading=\"lazy\" decoding=\"async\" class=\"alignright wp-image-348\" src=\"https:\/\/www.ix.com.ar\/eng\/wp-content\/uploads\/2019\/02\/cisco_230518_03.png\" alt=\"\" width=\"240\" height=\"180\" srcset=\"https:\/\/ix.com.ar\/eng\/wp-content\/uploads\/2019\/02\/cisco_230518_03.png 315w, https:\/\/ix.com.ar\/eng\/wp-content\/uploads\/2019\/02\/cisco_230518_03-300x225.png 300w, https:\/\/ix.com.ar\/eng\/wp-content\/uploads\/2019\/02\/cisco_230518_03-285x214.png 285w\" sizes=\"(max-width: 240px) 100vw, 240px\" \/><strong>Fecha:<\/strong>\u00a023 de Mayo 2018<\/p><p><strong>Tema:<\/strong>\u00a0Seguridad de Redes Cisco<\/p><p><strong>Lugar:<\/strong>\u00a0ALDOs Vinoteca<\/p><p><strong>Orador:<\/strong>\u00a0Mart\u00edn Vides, Cisco Virtual Sales Specialist<\/p><\/div>\n\t\t\t\t<\/div>\n\t\t\t\t\t\t\t<div class=\"elementor-accordion-item\">\n\t\t\t\t\t<div id=\"elementor-tab-title-1746\" class=\"elementor-tab-title\" data-tab=\"6\" role=\"button\" aria-controls=\"elementor-tab-content-1746\" aria-expanded=\"false\">\n\t\t\t\t\t\t\t\t\t\t\t\t\t<span class=\"elementor-accordion-icon elementor-accordion-icon-left\" aria-hidden=\"true\">\n\t\t\t\t\t\t\t\t\t\t\t\t\t\t\t<i class=\"elementor-accordion-icon-closed fa fa-caret-square-o-right\"><\/i>\n\t\t\t\t\t\t\t\t<i class=\"elementor-accordion-icon-opened fa fa-caret-square-o-down\"><\/i>\n\t\t\t\t\t\t\t\t\t\t\t\t\t\t<\/span>\n\t\t\t\t\t\t\t\t\t\t\t\t<a class=\"elementor-accordion-title\" tabindex=\"0\">26.04.18 | Webinar Dell EMC: Servidores 14G<\/a>\n\t\t\t\t\t<\/div>\n\t\t\t\t\t<div id=\"elementor-tab-content-1746\" class=\"elementor-tab-content elementor-clearfix\" data-tab=\"6\" role=\"region\" aria-labelledby=\"elementor-tab-title-1746\"><p><img loading=\"lazy\" decoding=\"async\" class=\"alignright wp-image-350\" src=\"https:\/\/www.ix.com.ar\/eng\/wp-content\/uploads\/2019\/02\/dellemc14g.jpg\" alt=\"\" width=\"381\" height=\"240\" srcset=\"https:\/\/ix.com.ar\/eng\/wp-content\/uploads\/2019\/02\/dellemc14g.jpg 700w, https:\/\/ix.com.ar\/eng\/wp-content\/uploads\/2019\/02\/dellemc14g-300x189.jpg 300w\" sizes=\"(max-width: 381px) 100vw, 381px\" \/><strong>Fecha:<\/strong>\u00a026 de Abril 2018<\/p><p><strong>Tema:<\/strong>\u00a0Dell EMC | Nueva Generaci\u00f3n de Servidores 14G<\/p><p><strong>Orador:<\/strong>\u00a0Marcelo Carballo, Technical Consultant<\/p><\/div>\n\t\t\t\t<\/div>\n\t\t\t\t\t\t\t<div class=\"elementor-accordion-item\">\n\t\t\t\t\t<div id=\"elementor-tab-title-1747\" class=\"elementor-tab-title\" data-tab=\"7\" role=\"button\" aria-controls=\"elementor-tab-content-1747\" aria-expanded=\"false\">\n\t\t\t\t\t\t\t\t\t\t\t\t\t<span class=\"elementor-accordion-icon elementor-accordion-icon-left\" aria-hidden=\"true\">\n\t\t\t\t\t\t\t\t\t\t\t\t\t\t\t<i class=\"elementor-accordion-icon-closed fa fa-caret-square-o-right\"><\/i>\n\t\t\t\t\t\t\t\t<i class=\"elementor-accordion-icon-opened fa fa-caret-square-o-down\"><\/i>\n\t\t\t\t\t\t\t\t\t\t\t\t\t\t<\/span>\n\t\t\t\t\t\t\t\t\t\t\t\t<a class=\"elementor-accordion-title\" tabindex=\"0\">12.10.17 | Evento Cisco Meraki<\/a>\n\t\t\t\t\t<\/div>\n\t\t\t\t\t<div id=\"elementor-tab-content-1747\" class=\"elementor-tab-content elementor-clearfix\" data-tab=\"7\" role=\"region\" aria-labelledby=\"elementor-tab-title-1747\"><p><img loading=\"lazy\" decoding=\"async\" class=\"alignright wp-image-352\" src=\"https:\/\/www.ix.com.ar\/eng\/wp-content\/uploads\/2019\/02\/171012_2.jpg\" alt=\"\" width=\"263\" height=\"200\" srcset=\"https:\/\/ix.com.ar\/eng\/wp-content\/uploads\/2019\/02\/171012_2.jpg 1680w, https:\/\/ix.com.ar\/eng\/wp-content\/uploads\/2019\/02\/171012_2-300x228.jpg 300w, https:\/\/ix.com.ar\/eng\/wp-content\/uploads\/2019\/02\/171012_2-768x583.jpg 768w, https:\/\/ix.com.ar\/eng\/wp-content\/uploads\/2019\/02\/171012_2-1024x778.jpg 1024w\" sizes=\"(max-width: 263px) 100vw, 263px\" \/> <img loading=\"lazy\" decoding=\"async\" class=\"alignright wp-image-353\" src=\"https:\/\/www.ix.com.ar\/eng\/wp-content\/uploads\/2019\/02\/171012_3.jpg\" alt=\"\" width=\"263\" height=\"200\" srcset=\"https:\/\/ix.com.ar\/eng\/wp-content\/uploads\/2019\/02\/171012_3.jpg 848w, https:\/\/ix.com.ar\/eng\/wp-content\/uploads\/2019\/02\/171012_3-300x228.jpg 300w, https:\/\/ix.com.ar\/eng\/wp-content\/uploads\/2019\/02\/171012_3-768x583.jpg 768w\" sizes=\"(max-width: 263px) 100vw, 263px\" \/> <img loading=\"lazy\" decoding=\"async\" class=\"alignright wp-image-354\" src=\"https:\/\/www.ix.com.ar\/eng\/wp-content\/uploads\/2019\/02\/171012_1.jpg\" alt=\"\" width=\"265\" height=\"200\" srcset=\"https:\/\/ix.com.ar\/eng\/wp-content\/uploads\/2019\/02\/171012_1.jpg 1680w, https:\/\/ix.com.ar\/eng\/wp-content\/uploads\/2019\/02\/171012_1-300x226.jpg 300w, https:\/\/ix.com.ar\/eng\/wp-content\/uploads\/2019\/02\/171012_1-768x580.jpg 768w, https:\/\/ix.com.ar\/eng\/wp-content\/uploads\/2019\/02\/171012_1-1024x773.jpg 1024w, https:\/\/ix.com.ar\/eng\/wp-content\/uploads\/2019\/02\/171012_1-380x285.jpg 380w, https:\/\/ix.com.ar\/eng\/wp-content\/uploads\/2019\/02\/171012_1-285x214.jpg 285w\" sizes=\"(max-width: 265px) 100vw, 265px\" \/><strong>Fecha:<\/strong>\u00a012 de Octubre 2017<\/p><p><strong>Tema:<\/strong>\u00a0Evento Cisco<\/p><p><strong>Lugar:<\/strong>\u00a0Oficinas Cisco Buenos Aires<\/p><p><strong>Orador:<\/strong>\u00a0Gustavo Avecilla, Technical Consultant<\/p><\/div>\n\t\t\t\t<\/div>\n\t\t\t\t\t\t\t<div class=\"elementor-accordion-item\">\n\t\t\t\t\t<div id=\"elementor-tab-title-1748\" class=\"elementor-tab-title\" data-tab=\"8\" role=\"button\" aria-controls=\"elementor-tab-content-1748\" aria-expanded=\"false\">\n\t\t\t\t\t\t\t\t\t\t\t\t\t<span class=\"elementor-accordion-icon elementor-accordion-icon-left\" aria-hidden=\"true\">\n\t\t\t\t\t\t\t\t\t\t\t\t\t\t\t<i class=\"elementor-accordion-icon-closed fa fa-caret-square-o-right\"><\/i>\n\t\t\t\t\t\t\t\t<i class=\"elementor-accordion-icon-opened fa fa-caret-square-o-down\"><\/i>\n\t\t\t\t\t\t\t\t\t\t\t\t\t\t<\/span>\n\t\t\t\t\t\t\t\t\t\t\t\t<a class=\"elementor-accordion-title\" tabindex=\"0\">04.10.17 | Caso de \u00c9xito LABORATORIOS BERNAB\u00d3 | IX | AVAYA<\/a>\n\t\t\t\t\t<\/div>\n\t\t\t\t\t<div id=\"elementor-tab-content-1748\" class=\"elementor-tab-content elementor-clearfix\" data-tab=\"8\" role=\"region\" aria-labelledby=\"elementor-tab-title-1748\"><p><img loading=\"lazy\" decoding=\"async\" class=\"alignright wp-image-359\" src=\"https:\/\/www.ix.com.ar\/eng\/wp-content\/uploads\/2019\/02\/avaya_ce_3.jpg\" alt=\"\" width=\"267\" height=\"200\" srcset=\"https:\/\/ix.com.ar\/eng\/wp-content\/uploads\/2019\/02\/avaya_ce_3.jpg 816w, https:\/\/ix.com.ar\/eng\/wp-content\/uploads\/2019\/02\/avaya_ce_3-300x225.jpg 300w, https:\/\/ix.com.ar\/eng\/wp-content\/uploads\/2019\/02\/avaya_ce_3-768x576.jpg 768w, https:\/\/ix.com.ar\/eng\/wp-content\/uploads\/2019\/02\/avaya_ce_3-380x285.jpg 380w, https:\/\/ix.com.ar\/eng\/wp-content\/uploads\/2019\/02\/avaya_ce_3-285x214.jpg 285w\" sizes=\"(max-width: 267px) 100vw, 267px\" \/> <img loading=\"lazy\" decoding=\"async\" class=\"alignright wp-image-361\" src=\"https:\/\/www.ix.com.ar\/eng\/wp-content\/uploads\/2019\/02\/avaya_ce_2.jpg\" alt=\"\" width=\"267\" height=\"200\" srcset=\"https:\/\/ix.com.ar\/eng\/wp-content\/uploads\/2019\/02\/avaya_ce_2.jpg 816w, https:\/\/ix.com.ar\/eng\/wp-content\/uploads\/2019\/02\/avaya_ce_2-300x225.jpg 300w, https:\/\/ix.com.ar\/eng\/wp-content\/uploads\/2019\/02\/avaya_ce_2-768x576.jpg 768w, https:\/\/ix.com.ar\/eng\/wp-content\/uploads\/2019\/02\/avaya_ce_2-380x285.jpg 380w, https:\/\/ix.com.ar\/eng\/wp-content\/uploads\/2019\/02\/avaya_ce_2-285x214.jpg 285w\" sizes=\"(max-width: 267px) 100vw, 267px\" \/><img loading=\"lazy\" decoding=\"async\" class=\"alignright wp-image-360\" src=\"https:\/\/www.ix.com.ar\/eng\/wp-content\/uploads\/2019\/02\/avaya_ce_1.jpg\" alt=\"\" width=\"267\" height=\"200\" srcset=\"https:\/\/ix.com.ar\/eng\/wp-content\/uploads\/2019\/02\/avaya_ce_1.jpg 816w, https:\/\/ix.com.ar\/eng\/wp-content\/uploads\/2019\/02\/avaya_ce_1-300x225.jpg 300w, https:\/\/ix.com.ar\/eng\/wp-content\/uploads\/2019\/02\/avaya_ce_1-768x576.jpg 768w, https:\/\/ix.com.ar\/eng\/wp-content\/uploads\/2019\/02\/avaya_ce_1-380x285.jpg 380w, https:\/\/ix.com.ar\/eng\/wp-content\/uploads\/2019\/02\/avaya_ce_1-285x214.jpg 285w\" sizes=\"(max-width: 267px) 100vw, 267px\" \/><strong>Fecha:<\/strong>\u00a004 de Octubre 2017<\/p><p><strong>Tema:<\/strong>\u00a0Caso de \u00c9xito<\/p><\/div>\n\t\t\t\t<\/div>\n\t\t\t\t\t\t\t<div class=\"elementor-accordion-item\">\n\t\t\t\t\t<div id=\"elementor-tab-title-1749\" class=\"elementor-tab-title\" data-tab=\"9\" role=\"button\" aria-controls=\"elementor-tab-content-1749\" aria-expanded=\"false\">\n\t\t\t\t\t\t\t\t\t\t\t\t\t<span class=\"elementor-accordion-icon elementor-accordion-icon-left\" aria-hidden=\"true\">\n\t\t\t\t\t\t\t\t\t\t\t\t\t\t\t<i class=\"elementor-accordion-icon-closed fa fa-caret-square-o-right\"><\/i>\n\t\t\t\t\t\t\t\t<i class=\"elementor-accordion-icon-opened fa fa-caret-square-o-down\"><\/i>\n\t\t\t\t\t\t\t\t\t\t\t\t\t\t<\/span>\n\t\t\t\t\t\t\t\t\t\t\t\t<a class=\"elementor-accordion-title\" tabindex=\"0\">22.06.17 | Capacitaci\u00f3n Cisco Seguridad<\/a>\n\t\t\t\t\t<\/div>\n\t\t\t\t\t<div id=\"elementor-tab-content-1749\" class=\"elementor-tab-content elementor-clearfix\" data-tab=\"9\" role=\"region\" aria-labelledby=\"elementor-tab-title-1749\"><p><img loading=\"lazy\" decoding=\"async\" class=\"alignright wp-image-363\" src=\"https:\/\/www.ix.com.ar\/eng\/wp-content\/uploads\/2019\/02\/cisco_2.jpg\" alt=\"\" width=\"267\" height=\"200\" srcset=\"https:\/\/ix.com.ar\/eng\/wp-content\/uploads\/2019\/02\/cisco_2.jpg 1632w, https:\/\/ix.com.ar\/eng\/wp-content\/uploads\/2019\/02\/cisco_2-300x225.jpg 300w, https:\/\/ix.com.ar\/eng\/wp-content\/uploads\/2019\/02\/cisco_2-768x576.jpg 768w, https:\/\/ix.com.ar\/eng\/wp-content\/uploads\/2019\/02\/cisco_2-1024x768.jpg 1024w, https:\/\/ix.com.ar\/eng\/wp-content\/uploads\/2019\/02\/cisco_2-380x285.jpg 380w, https:\/\/ix.com.ar\/eng\/wp-content\/uploads\/2019\/02\/cisco_2-285x214.jpg 285w\" sizes=\"(max-width: 267px) 100vw, 267px\" \/> <img loading=\"lazy\" decoding=\"async\" class=\"alignright wp-image-364\" src=\"https:\/\/www.ix.com.ar\/eng\/wp-content\/uploads\/2019\/02\/cisco_1.jpg\" alt=\"\" width=\"267\" height=\"200\" srcset=\"https:\/\/ix.com.ar\/eng\/wp-content\/uploads\/2019\/02\/cisco_1.jpg 1632w, https:\/\/ix.com.ar\/eng\/wp-content\/uploads\/2019\/02\/cisco_1-300x225.jpg 300w, https:\/\/ix.com.ar\/eng\/wp-content\/uploads\/2019\/02\/cisco_1-768x576.jpg 768w, https:\/\/ix.com.ar\/eng\/wp-content\/uploads\/2019\/02\/cisco_1-1024x768.jpg 1024w, https:\/\/ix.com.ar\/eng\/wp-content\/uploads\/2019\/02\/cisco_1-380x285.jpg 380w, https:\/\/ix.com.ar\/eng\/wp-content\/uploads\/2019\/02\/cisco_1-285x214.jpg 285w\" sizes=\"(max-width: 267px) 100vw, 267px\" \/><strong>Fecha:<\/strong>\u00a022 de Junio 2017<\/p><div class=\"portfolio-item wordpress html bootstrap col-xs-12 col-sm-4 col-md-3\"><p><strong>Tema:<\/strong>\u00a0Capacitaci\u00f3n Cisco Seguridad<\/p><p><strong>Lugar:<\/strong>\u00a0Oficinas Cisco Buenos Aires<\/p><p><strong>Orador:<\/strong>\u00a0Juan Marino. Cibersecurity, Cisco<\/p><\/div><div class=\"portfolio-item wordpress html bootstrap col-xs-12 col-sm-4 col-md-3\">\u00a0<\/div><\/div>\n\t\t\t\t<\/div>\n\t\t\t\t\t\t\t<div class=\"elementor-accordion-item\">\n\t\t\t\t\t<div id=\"elementor-tab-title-17410\" class=\"elementor-tab-title\" data-tab=\"10\" role=\"button\" aria-controls=\"elementor-tab-content-17410\" aria-expanded=\"false\">\n\t\t\t\t\t\t\t\t\t\t\t\t\t<span class=\"elementor-accordion-icon elementor-accordion-icon-left\" aria-hidden=\"true\">\n\t\t\t\t\t\t\t\t\t\t\t\t\t\t\t<i class=\"elementor-accordion-icon-closed fa fa-caret-square-o-right\"><\/i>\n\t\t\t\t\t\t\t\t<i class=\"elementor-accordion-icon-opened fa fa-caret-square-o-down\"><\/i>\n\t\t\t\t\t\t\t\t\t\t\t\t\t\t<\/span>\n\t\t\t\t\t\t\t\t\t\t\t\t<a class=\"elementor-accordion-title\" tabindex=\"0\">04.05.17 | Workshop Tecnol\u00f3gico: \"Consideraciones de dise\u00f1o para ambientes corporativos\"<\/a>\n\t\t\t\t\t<\/div>\n\t\t\t\t\t<div id=\"elementor-tab-content-17410\" class=\"elementor-tab-content elementor-clearfix\" data-tab=\"10\" role=\"region\" aria-labelledby=\"elementor-tab-title-17410\"><p><img loading=\"lazy\" decoding=\"async\" class=\"alignright wp-image-366\" src=\"https:\/\/www.ix.com.ar\/eng\/wp-content\/uploads\/2019\/02\/positano_2.jpg\" alt=\"\" width=\"267\" height=\"200\" srcset=\"https:\/\/ix.com.ar\/eng\/wp-content\/uploads\/2019\/02\/positano_2.jpg 1632w, https:\/\/ix.com.ar\/eng\/wp-content\/uploads\/2019\/02\/positano_2-300x225.jpg 300w, https:\/\/ix.com.ar\/eng\/wp-content\/uploads\/2019\/02\/positano_2-768x576.jpg 768w, https:\/\/ix.com.ar\/eng\/wp-content\/uploads\/2019\/02\/positano_2-1024x768.jpg 1024w, https:\/\/ix.com.ar\/eng\/wp-content\/uploads\/2019\/02\/positano_2-380x285.jpg 380w, https:\/\/ix.com.ar\/eng\/wp-content\/uploads\/2019\/02\/positano_2-285x214.jpg 285w\" sizes=\"(max-width: 267px) 100vw, 267px\" \/> <img loading=\"lazy\" decoding=\"async\" class=\"alignright wp-image-367\" src=\"https:\/\/www.ix.com.ar\/eng\/wp-content\/uploads\/2019\/02\/positano_3.jpg\" alt=\"\" width=\"267\" height=\"200\" srcset=\"https:\/\/ix.com.ar\/eng\/wp-content\/uploads\/2019\/02\/positano_3.jpg 1632w, https:\/\/ix.com.ar\/eng\/wp-content\/uploads\/2019\/02\/positano_3-300x225.jpg 300w, https:\/\/ix.com.ar\/eng\/wp-content\/uploads\/2019\/02\/positano_3-768x576.jpg 768w, https:\/\/ix.com.ar\/eng\/wp-content\/uploads\/2019\/02\/positano_3-1024x768.jpg 1024w, https:\/\/ix.com.ar\/eng\/wp-content\/uploads\/2019\/02\/positano_3-380x285.jpg 380w, https:\/\/ix.com.ar\/eng\/wp-content\/uploads\/2019\/02\/positano_3-285x214.jpg 285w\" sizes=\"(max-width: 267px) 100vw, 267px\" \/> <img loading=\"lazy\" decoding=\"async\" class=\"alignright wp-image-368\" src=\"https:\/\/www.ix.com.ar\/eng\/wp-content\/uploads\/2019\/02\/positano_1.jpg\" alt=\"\" width=\"267\" height=\"200\" srcset=\"https:\/\/ix.com.ar\/eng\/wp-content\/uploads\/2019\/02\/positano_1.jpg 1632w, https:\/\/ix.com.ar\/eng\/wp-content\/uploads\/2019\/02\/positano_1-300x225.jpg 300w, https:\/\/ix.com.ar\/eng\/wp-content\/uploads\/2019\/02\/positano_1-768x576.jpg 768w, https:\/\/ix.com.ar\/eng\/wp-content\/uploads\/2019\/02\/positano_1-1024x768.jpg 1024w, https:\/\/ix.com.ar\/eng\/wp-content\/uploads\/2019\/02\/positano_1-380x285.jpg 380w, https:\/\/ix.com.ar\/eng\/wp-content\/uploads\/2019\/02\/positano_1-285x214.jpg 285w\" sizes=\"(max-width: 267px) 100vw, 267px\" \/><strong>Fecha:<\/strong>\u00a04 de mayo 2017<\/p><p><strong>Tema:<\/strong>\u00a0Workshop Tecnol\u00f3gico | \u00abConsideraciones de dise\u00f1o para ambientes corporativos\u00bb<\/p><p><strong>Lugar:<\/strong>\u00a0Positano L\u00edrica<\/p><p><strong>Orador:<\/strong>\u00a0Ing. Sebasti\u00e1n E. Mediavilla. Field Application Engineer \u2013 Southern Cone, CommScope<\/p><\/div>\n\t\t\t\t<\/div>\n\t\t\t\t\t\t\t<div class=\"elementor-accordion-item\">\n\t\t\t\t\t<div id=\"elementor-tab-title-17411\" class=\"elementor-tab-title\" data-tab=\"11\" role=\"button\" aria-controls=\"elementor-tab-content-17411\" aria-expanded=\"false\">\n\t\t\t\t\t\t\t\t\t\t\t\t\t<span class=\"elementor-accordion-icon elementor-accordion-icon-left\" aria-hidden=\"true\">\n\t\t\t\t\t\t\t\t\t\t\t\t\t\t\t<i class=\"elementor-accordion-icon-closed fa fa-caret-square-o-right\"><\/i>\n\t\t\t\t\t\t\t\t<i class=\"elementor-accordion-icon-opened fa fa-caret-square-o-down\"><\/i>\n\t\t\t\t\t\t\t\t\t\t\t\t\t\t<\/span>\n\t\t\t\t\t\t\t\t\t\t\t\t<a class=\"elementor-accordion-title\" tabindex=\"0\">19.04.17 | Conferencia Ix\/Avaya: Comunicaciones Unificadas y Redes Digitales<\/a>\n\t\t\t\t\t<\/div>\n\t\t\t\t\t<div id=\"elementor-tab-content-17411\" class=\"elementor-tab-content elementor-clearfix\" data-tab=\"11\" role=\"region\" aria-labelledby=\"elementor-tab-title-17411\"><p><img loading=\"lazy\" decoding=\"async\" class=\"alignright wp-image-369\" src=\"https:\/\/www.ix.com.ar\/eng\/wp-content\/uploads\/2019\/02\/avaya_2.jpg\" alt=\"\" width=\"267\" height=\"200\" srcset=\"https:\/\/ix.com.ar\/eng\/wp-content\/uploads\/2019\/02\/avaya_2.jpg 1632w, https:\/\/ix.com.ar\/eng\/wp-content\/uploads\/2019\/02\/avaya_2-300x225.jpg 300w, https:\/\/ix.com.ar\/eng\/wp-content\/uploads\/2019\/02\/avaya_2-768x576.jpg 768w, https:\/\/ix.com.ar\/eng\/wp-content\/uploads\/2019\/02\/avaya_2-1024x768.jpg 1024w, https:\/\/ix.com.ar\/eng\/wp-content\/uploads\/2019\/02\/avaya_2-380x285.jpg 380w, https:\/\/ix.com.ar\/eng\/wp-content\/uploads\/2019\/02\/avaya_2-285x214.jpg 285w\" sizes=\"(max-width: 267px) 100vw, 267px\" \/> <img loading=\"lazy\" decoding=\"async\" class=\"alignright wp-image-370\" src=\"https:\/\/www.ix.com.ar\/eng\/wp-content\/uploads\/2019\/02\/avaya_1.jpg\" alt=\"\" width=\"267\" height=\"200\" srcset=\"https:\/\/ix.com.ar\/eng\/wp-content\/uploads\/2019\/02\/avaya_1.jpg 1632w, https:\/\/ix.com.ar\/eng\/wp-content\/uploads\/2019\/02\/avaya_1-300x225.jpg 300w, https:\/\/ix.com.ar\/eng\/wp-content\/uploads\/2019\/02\/avaya_1-768x576.jpg 768w, https:\/\/ix.com.ar\/eng\/wp-content\/uploads\/2019\/02\/avaya_1-1024x768.jpg 1024w, https:\/\/ix.com.ar\/eng\/wp-content\/uploads\/2019\/02\/avaya_1-380x285.jpg 380w, https:\/\/ix.com.ar\/eng\/wp-content\/uploads\/2019\/02\/avaya_1-285x214.jpg 285w\" sizes=\"(max-width: 267px) 100vw, 267px\" \/><strong>Fecha:<\/strong>\u00a019 de Abril 2017<\/p><p><strong>Tema:<\/strong>\u00a0Conferencia en conjunto con Avaya sobre Comunicaciones Unificadas y Redes Digitales<\/p><p><strong>Lugar:<\/strong>\u00a0La Caba\u00f1a, Puerto Madero<\/p><p><strong>Orador:<\/strong>\u00a0Emilio Casanova. Ingeniero de Preventa, Interconnect<\/p><\/div>\n\t\t\t\t<\/div>\n\t\t\t\t\t\t\t\t<\/div>\n\t\t\t\t\t\t<\/div>\n\t\t\t\t<\/div>\n\t\t\t\t\t<\/div>\n\t\t<\/div>\n\t\t\t\t\t<\/div>\n\t\t<\/section>\n\t\t\t\t<\/div>\n\t\t","protected":false},"excerpt":{"rendered":"<p>29.09.22 | Interconnect abre subsidiaria en Uruguay Fecha: 29 de Septiembre 2022 Tema: Interconnect abre subsidiaria en Uruguay Autor: Prensario TI Medio: Prensario TI Latam (&#8230;) Como parte del plan de crecimiento regional de la compa\u00f1\u00eda, el reconocido integrador de soluciones de telecomunicaciones, Interconnect, anunci\u00f3 la apertura de una nueva subsidiaria en la Rep\u00fablica Oriental<\/p>\n<p class=\"more-link\"><a href=\"https:\/\/ix.com.ar\/eng\/internews\/\" class=\"themebutton\">Read More<\/a><\/p>\n","protected":false},"author":1,"featured_media":0,"parent":0,"menu_order":0,"comment_status":"closed","ping_status":"closed","template":"","meta":{"footnotes":""},"class_list":["post-319","page","type-page","status-publish","hentry"],"_links":{"self":[{"href":"https:\/\/ix.com.ar\/eng\/wp-json\/wp\/v2\/pages\/319","targetHints":{"allow":["GET"]}}],"collection":[{"href":"https:\/\/ix.com.ar\/eng\/wp-json\/wp\/v2\/pages"}],"about":[{"href":"https:\/\/ix.com.ar\/eng\/wp-json\/wp\/v2\/types\/page"}],"author":[{"embeddable":true,"href":"https:\/\/ix.com.ar\/eng\/wp-json\/wp\/v2\/users\/1"}],"replies":[{"embeddable":true,"href":"https:\/\/ix.com.ar\/eng\/wp-json\/wp\/v2\/comments?post=319"}],"version-history":[{"count":24,"href":"https:\/\/ix.com.ar\/eng\/wp-json\/wp\/v2\/pages\/319\/revisions"}],"predecessor-version":[{"id":597,"href":"https:\/\/ix.com.ar\/eng\/wp-json\/wp\/v2\/pages\/319\/revisions\/597"}],"wp:attachment":[{"href":"https:\/\/ix.com.ar\/eng\/wp-json\/wp\/v2\/media?parent=319"}],"curies":[{"name":"wp","href":"https:\/\/api.w.org\/{rel}","templated":true}]}}